{"id":26,"date":"2026-02-18T15:29:30","date_gmt":"2026-02-18T20:29:30","guid":{"rendered":"https:\/\/www.academiamilitargeneralgilcolorado.edu.co\/home\/2020\/?page_id=26"},"modified":"2026-02-18T15:29:30","modified_gmt":"2026-02-18T20:29:30","slug":"cronograma","status":"publish","type":"page","link":"https:\/\/www.academiamilitargeneralgilcolorado.edu.co\/home\/cronograma\/","title":{"rendered":"Cronograma 2026"},"content":{"rendered":"\n<iframe loading=\"lazy\" frameborder=\"0\" width=\"100%\" height=\"800\" src=\"https:\/\/www.academiamilitargeneralgilcolorado.edu.co\/home\/wp-content\/uploads\/2026\/02\/cronograma-general-2026.pdf\"><\/iframe>\n","protected":false},"excerpt":{"rendered":"","protected":false},"author":4,"featured_media":0,"parent":0,"menu_order":0,"comment_status":"closed","ping_status":"closed","template":"fullwidth.php","meta":{"footnotes":""},"class_list":["post-26","page","type-page","status-publish","hentry"],"aioseo_notices":[],"aioseo_head":"\n\t\t<!-- All in One SEO 4.9.10 - aioseo.com -->\n\t<meta name=\"description\" content=\"Cronograma de todas las actividades a desarrollar en el a\u00f1o lectivo en la Academia Militar\" \/>\n\t<meta name=\"robots\" content=\"max-image-preview:large\" \/>\n\t<link rel=\"canonical\" href=\"https:\/\/www.academiamilitargeneralgilcolorado.edu.co\/home\/cronograma\/\" \/>\n\t<meta name=\"generator\" content=\"All in One SEO (AIOSEO) 4.9.10\" \/>\n\t\t<meta property=\"og:locale\" content=\"es_ES\" \/>\n\t\t<meta property=\"og:site_name\" content=\"Academia Militar General Gil Colorado - Instituci\u00f3n educativa con educaci\u00f3n preescolar, b\u00e1sica primaria, b\u00e1sica secundaria y educaci\u00f3n media con \u00e9nfasis en orientaci\u00f3n militar.\" \/>\n\t\t<meta property=\"og:type\" content=\"article\" \/>\n\t\t<meta property=\"og:title\" content=\"Cronograma 2026 - Academia Militar General Gil Colorado\" \/>\n\t\t<meta property=\"og:description\" content=\"Cronograma de todas las actividades a desarrollar en el a\u00f1o lectivo en la Academia Militar\" \/>\n\t\t<meta property=\"og:url\" content=\"https:\/\/www.academiamilitargeneralgilcolorado.edu.co\/home\/cronograma\/\" \/>\n\t\t<meta property=\"og:image\" content=\"https:\/\/www.academiamilitargeneralgilcolorado.edu.co\/home\/wp-content\/uploads\/2020\/08\/escudo.png\" \/>\n\t\t<meta property=\"og:image:secure_url\" content=\"https:\/\/www.academiamilitargeneralgilcolorado.edu.co\/home\/wp-content\/uploads\/2020\/08\/escudo.png\" \/>\n\t\t<meta property=\"og:image:width\" content=\"115\" \/>\n\t\t<meta property=\"og:image:height\" content=\"115\" \/>\n\t\t<meta property=\"article:published_time\" content=\"2026-02-18T20:29:30+00:00\" \/>\n\t\t<meta property=\"article:modified_time\" content=\"2026-02-18T20:29:30+00:00\" \/>\n\t\t<meta property=\"article:publisher\" content=\"https:\/\/www.facebook.com\/watch\/Acamilgilcolorado\/\" \/>\n\t\t<meta name=\"twitter:card\" content=\"summary_large_image\" \/>\n\t\t<meta name=\"twitter:title\" content=\"Cronograma 2026 - Academia Militar General Gil Colorado\" \/>\n\t\t<meta name=\"twitter:description\" content=\"Cronograma de todas las actividades a desarrollar en el a\u00f1o lectivo en la Academia Militar\" \/>\n\t\t<meta name=\"twitter:image\" content=\"https:\/\/www.academiamilitargeneralgilcolorado.edu.co\/home\/wp-content\/uploads\/2020\/08\/escudo.png\" \/>\n\t\t<script type=\"application\/ld+json\" class=\"aioseo-schema\">\n\t\t\t{\"@context\":\"https:\\\/\\\/schema.org\",\"@graph\":[{\"@type\":\"BreadcrumbList\",\"@id\":\"https:\\\/\\\/www.academiamilitargeneralgilcolorado.edu.co\\\/home\\\/cronograma\\\/#breadcrumblist\",\"itemListElement\":[{\"@type\":\"ListItem\",\"@id\":\"https:\\\/\\\/www.academiamilitargeneralgilcolorado.edu.co\\\/home#listItem\",\"position\":2,\"name\":\"Inicio\",\"item\":\"https:\\\/\\\/www.academiamilitargeneralgilcolorado.edu.co\\\/home\",\"nextItem\":{\"@type\":\"ListItem\",\"@id\":\"https:\\\/\\\/www.academiamilitargeneralgilcolorado.edu.co\\\/home\\\/cronograma\\\/#listItem\",\"name\":\"Cronograma 2026\"},\"previousItem\":{\"@type\":\"ListItem\",\"@id\":\"#listItem\",\"name\":\"Usted esta Aqu\\u00cd\"}},{\"@type\":\"ListItem\",\"@id\":\"https:\\\/\\\/www.academiamilitargeneralgilcolorado.edu.co\\\/home\\\/cronograma\\\/#listItem\",\"position\":3,\"name\":\"Cronograma 2026\",\"previousItem\":{\"@type\":\"ListItem\",\"@id\":\"https:\\\/\\\/www.academiamilitargeneralgilcolorado.edu.co\\\/home#listItem\",\"name\":\"Inicio\"}}]},{\"@type\":\"Organization\",\"@id\":\"https:\\\/\\\/www.academiamilitargeneralgilcolorado.edu.co\\\/home\\\/#organization\",\"name\":\"Academia Militar General Gil Colorado\",\"description\":\"Instituci\\u00f3n educativa con educaci\\u00f3n preescolar, b\\u00e1sica primaria, b\\u00e1sica secundaria y educaci\\u00f3n media con \\u00e9nfasis en orientaci\\u00f3n militar.\",\"url\":\"https:\\\/\\\/www.academiamilitargeneralgilcolorado.edu.co\\\/home\\\/\",\"telephone\":\"+573166925198\",\"logo\":{\"@type\":\"ImageObject\",\"url\":\"https:\\\/\\\/www.academiamilitargeneralgilcolorado.edu.co\\\/home\\\/wp-content\\\/uploads\\\/2020\\\/08\\\/escudo.png\",\"@id\":\"https:\\\/\\\/www.academiamilitargeneralgilcolorado.edu.co\\\/home\\\/cronograma\\\/#organizationLogo\",\"width\":115,\"height\":115,\"caption\":\"Escudo Academia General Gil Colorado\"},\"image\":{\"@id\":\"https:\\\/\\\/www.academiamilitargeneralgilcolorado.edu.co\\\/home\\\/cronograma\\\/#organizationLogo\"},\"sameAs\":[\"https:\\\/\\\/www.facebook.com\\\/watch\\\/Acamilgilcolorado\\\/\",\"https:\\\/\\\/www.instagram.com\\\/academia_militar_tulua\\\/\"]},{\"@type\":\"WebPage\",\"@id\":\"https:\\\/\\\/www.academiamilitargeneralgilcolorado.edu.co\\\/home\\\/cronograma\\\/#webpage\",\"url\":\"https:\\\/\\\/www.academiamilitargeneralgilcolorado.edu.co\\\/home\\\/cronograma\\\/\",\"name\":\"Cronograma 2026 - Academia Militar General Gil Colorado\",\"description\":\"Cronograma de todas las actividades a desarrollar en el a\\u00f1o lectivo en la Academia Militar\",\"inLanguage\":\"es-ES\",\"isPartOf\":{\"@id\":\"https:\\\/\\\/www.academiamilitargeneralgilcolorado.edu.co\\\/home\\\/#website\"},\"breadcrumb\":{\"@id\":\"https:\\\/\\\/www.academiamilitargeneralgilcolorado.edu.co\\\/home\\\/cronograma\\\/#breadcrumblist\"},\"datePublished\":\"2026-02-18T15:29:30-05:00\",\"dateModified\":\"2026-02-18T15:29:30-05:00\"},{\"@type\":\"WebSite\",\"@id\":\"https:\\\/\\\/www.academiamilitargeneralgilcolorado.edu.co\\\/home\\\/#website\",\"url\":\"https:\\\/\\\/www.academiamilitargeneralgilcolorado.edu.co\\\/home\\\/\",\"name\":\"Academia Militar General Gil Colorado\",\"description\":\"Instituci\\u00f3n educativa con educaci\\u00f3n preescolar, b\\u00e1sica primaria, b\\u00e1sica secundaria y educaci\\u00f3n media con \\u00e9nfasis en orientaci\\u00f3n militar.\",\"inLanguage\":\"es-ES\",\"publisher\":{\"@id\":\"https:\\\/\\\/www.academiamilitargeneralgilcolorado.edu.co\\\/home\\\/#organization\"}}]}\n\t\t<\/script>\n\t\t<!-- All in One SEO -->\n\n","aioseo_head_json":{"title":"Cronograma 2026 - Academia Militar General Gil Colorado","description":"Cronograma de todas las actividades a desarrollar en el a\u00f1o lectivo en la Academia Militar","canonical_url":"https:\/\/www.academiamilitargeneralgilcolorado.edu.co\/home\/cronograma\/","robots":"max-image-preview:large","keywords":"","webmasterTools":{"miscellaneous":""},"schema":{"@context":"https:\/\/schema.org","@graph":[{"@type":"BreadcrumbList","@id":"https:\/\/www.academiamilitargeneralgilcolorado.edu.co\/home\/cronograma\/#breadcrumblist","itemListElement":[{"@type":"ListItem","@id":"https:\/\/www.academiamilitargeneralgilcolorado.edu.co\/home#listItem","position":2,"name":"Inicio","item":"https:\/\/www.academiamilitargeneralgilcolorado.edu.co\/home","nextItem":{"@type":"ListItem","@id":"https:\/\/www.academiamilitargeneralgilcolorado.edu.co\/home\/cronograma\/#listItem","name":"Cronograma 2026"},"previousItem":{"@type":"ListItem","@id":"#listItem","name":"Usted esta Aqu\u00cd"}},{"@type":"ListItem","@id":"https:\/\/www.academiamilitargeneralgilcolorado.edu.co\/home\/cronograma\/#listItem","position":3,"name":"Cronograma 2026","previousItem":{"@type":"ListItem","@id":"https:\/\/www.academiamilitargeneralgilcolorado.edu.co\/home#listItem","name":"Inicio"}}]},{"@type":"Organization","@id":"https:\/\/www.academiamilitargeneralgilcolorado.edu.co\/home\/#organization","name":"Academia Militar General Gil Colorado","description":"Instituci\u00f3n educativa con educaci\u00f3n preescolar, b\u00e1sica primaria, b\u00e1sica secundaria y educaci\u00f3n media con \u00e9nfasis en orientaci\u00f3n militar.","url":"https:\/\/www.academiamilitargeneralgilcolorado.edu.co\/home\/","telephone":"+573166925198","logo":{"@type":"ImageObject","url":"https:\/\/www.academiamilitargeneralgilcolorado.edu.co\/home\/wp-content\/uploads\/2020\/08\/escudo.png","@id":"https:\/\/www.academiamilitargeneralgilcolorado.edu.co\/home\/cronograma\/#organizationLogo","width":115,"height":115,"caption":"Escudo Academia General Gil Colorado"},"image":{"@id":"https:\/\/www.academiamilitargeneralgilcolorado.edu.co\/home\/cronograma\/#organizationLogo"},"sameAs":["https:\/\/www.facebook.com\/watch\/Acamilgilcolorado\/","https:\/\/www.instagram.com\/academia_militar_tulua\/"]},{"@type":"WebPage","@id":"https:\/\/www.academiamilitargeneralgilcolorado.edu.co\/home\/cronograma\/#webpage","url":"https:\/\/www.academiamilitargeneralgilcolorado.edu.co\/home\/cronograma\/","name":"Cronograma 2026 - Academia Militar General Gil Colorado","description":"Cronograma de todas las actividades a desarrollar en el a\u00f1o lectivo en la Academia Militar","inLanguage":"es-ES","isPartOf":{"@id":"https:\/\/www.academiamilitargeneralgilcolorado.edu.co\/home\/#website"},"breadcrumb":{"@id":"https:\/\/www.academiamilitargeneralgilcolorado.edu.co\/home\/cronograma\/#breadcrumblist"},"datePublished":"2026-02-18T15:29:30-05:00","dateModified":"2026-02-18T15:29:30-05:00"},{"@type":"WebSite","@id":"https:\/\/www.academiamilitargeneralgilcolorado.edu.co\/home\/#website","url":"https:\/\/www.academiamilitargeneralgilcolorado.edu.co\/home\/","name":"Academia Militar General Gil Colorado","description":"Instituci\u00f3n educativa con educaci\u00f3n preescolar, b\u00e1sica primaria, b\u00e1sica secundaria y educaci\u00f3n media con \u00e9nfasis en orientaci\u00f3n militar.","inLanguage":"es-ES","publisher":{"@id":"https:\/\/www.academiamilitargeneralgilcolorado.edu.co\/home\/#organization"}}]},"og:locale":"es_ES","og:site_name":"Academia Militar General Gil Colorado - Instituci\u00f3n educativa con educaci\u00f3n preescolar, b\u00e1sica primaria, b\u00e1sica secundaria y educaci\u00f3n media con \u00e9nfasis en orientaci\u00f3n militar.","og:type":"article","og:title":"Cronograma 2026 - Academia Militar General Gil Colorado","og:description":"Cronograma de todas las actividades a desarrollar en el a\u00f1o lectivo en la Academia Militar","og:url":"https:\/\/www.academiamilitargeneralgilcolorado.edu.co\/home\/cronograma\/","og:image":"https:\/\/www.academiamilitargeneralgilcolorado.edu.co\/home\/wp-content\/uploads\/2020\/08\/escudo.png","og:image:secure_url":"https:\/\/www.academiamilitargeneralgilcolorado.edu.co\/home\/wp-content\/uploads\/2020\/08\/escudo.png","og:image:width":115,"og:image:height":115,"article:published_time":"2026-02-18T20:29:30+00:00","article:modified_time":"2026-02-18T20:29:30+00:00","article:publisher":"https:\/\/www.facebook.com\/watch\/Acamilgilcolorado\/","twitter:card":"summary_large_image","twitter:title":"Cronograma 2026 - Academia Militar General Gil Colorado","twitter:description":"Cronograma de todas las actividades a desarrollar en el a\u00f1o lectivo en la Academia Militar","twitter:image":"https:\/\/www.academiamilitargeneralgilcolorado.edu.co\/home\/wp-content\/uploads\/2020\/08\/escudo.png"},"aioseo_meta_data":{"post_id":"26","title":null,"description":"Cronograma de todas las actividades a desarrollar en el a\u00f1o lectivo en la Academia Militar","keywords":null,"keyphrases":{"focus":{"keyphrase":"","score":0,"analysis":{"keyphraseInTitle":{"score":0,"maxScore":9,"error":1}}},"additional":[]},"primary_term":null,"canonical_url":null,"og_title":null,"og_description":null,"og_object_type":"default","og_image_type":"default","og_image_url":null,"og_image_width":null,"og_image_height":null,"og_image_custom_url":null,"og_image_custom_fields":null,"og_video":"","og_custom_url":null,"og_article_section":null,"og_article_tags":null,"twitter_use_og":false,"twitter_card":"default","twitter_image_type":"default","twitter_image_url":null,"twitter_image_custom_url":null,"twitter_image_custom_fields":null,"twitter_title":null,"twitter_description":null,"schema":{"blockGraphs":[],"customGraphs":[],"default":{"data":{"Article":[],"Course":[],"Dataset":[],"FAQPage":[],"Movie":[],"Person":[],"Product":[],"ProductReview":[],"Car":[],"Recipe":[],"Service":[],"SoftwareApplication":[],"WebPage":[]},"graphName":"WebPage","isEnabled":true},"graphs":[]},"schema_type":"default","schema_type_options":null,"pillar_content":false,"robots_default":true,"robots_noindex":false,"robots_noarchive":false,"robots_nosnippet":false,"robots_nofollow":false,"robots_noimageindex":false,"robots_noodp":false,"robots_notranslate":false,"robots_max_snippet":"-1","robots_max_videopreview":"-1","robots_max_imagepreview":"large","priority":null,"frequency":"default","local_seo":null,"breadcrumb_settings":null,"limit_modified_date":false,"ai":{"faqs":[],"keyPoints":[],"titles":[],"descriptions":[],"socialPosts":{"email":[],"linkedin":[],"twitter":[],"facebook":[],"instagram":[]}},"created":"2023-07-05 19:33:07","updated":"2026-02-18 20:52:13","seo_analyzer_scan_date":null},"aioseo_breadcrumb":"<div class=\"aioseo-breadcrumbs\"><span class=\"aioseo-breadcrumb\">\n\t\t\tUsted esta Aqu\u00cd\n\t\t<\/span><span class=\"aioseo-breadcrumb-separator\">\u00bb<\/span><span class=\"aioseo-breadcrumb\">\n\t\t\t<a href=\"https:\/\/www.academiamilitargeneralgilcolorado.edu.co\/home\" title=\"Inicio\">Inicio<\/a>\n\t\t<\/span><span class=\"aioseo-breadcrumb-separator\">\u00bb<\/span><span class=\"aioseo-breadcrumb\">\n\t\t\tCronograma 2026\n\t\t<\/span><\/div>","aioseo_breadcrumb_json":[{"label":"Usted esta Aqu\u00cd","link":""},{"label":"Inicio","link":"https:\/\/www.academiamilitargeneralgilcolorado.edu.co\/home"},{"label":"Cronograma 2026","link":"https:\/\/www.academiamilitargeneralgilcolorado.edu.co\/home\/cronograma\/"}],"_links":{"self":[{"href":"https:\/\/www.academiamilitargeneralgilcolorado.edu.co\/home\/wp-json\/wp\/v2\/pages\/26","targetHints":{"allow":["GET"]}}],"collection":[{"href":"https:\/\/www.academiamilitargeneralgilcolorado.edu.co\/home\/wp-json\/wp\/v2\/pages"}],"about":[{"href":"https:\/\/www.academiamilitargeneralgilcolorado.edu.co\/home\/wp-json\/wp\/v2\/types\/page"}],"author":[{"embeddable":true,"href":"https:\/\/www.academiamilitargeneralgilcolorado.edu.co\/home\/wp-json\/wp\/v2\/users\/4"}],"replies":[{"embeddable":true,"href":"https:\/\/www.academiamilitargeneralgilcolorado.edu.co\/home\/wp-json\/wp\/v2\/comments?post=26"}],"version-history":[{"count":16,"href":"https:\/\/www.academiamilitargeneralgilcolorado.edu.co\/home\/wp-json\/wp\/v2\/pages\/26\/revisions"}],"predecessor-version":[{"id":2280,"href":"https:\/\/www.academiamilitargeneralgilcolorado.edu.co\/home\/wp-json\/wp\/v2\/pages\/26\/revisions\/2280"}],"wp:attachment":[{"href":"https:\/\/www.academiamilitargeneralgilcolorado.edu.co\/home\/wp-json\/wp\/v2\/media?parent=26"}],"curies":[{"name":"wp","href":"https:\/\/api.w.org\/{rel}","templated":true}]}}