{"id":71,"date":"2020-08-26T17:44:57","date_gmt":"2020-08-26T22:44:57","guid":{"rendered":"https:\/\/www.academiamilitargeneralgilcolorado.edu.co\/home\/2020\/?page_id=71"},"modified":"2023-07-10T11:18:11","modified_gmt":"2023-07-10T16:18:11","slug":"admisiones","status":"publish","type":"page","link":"https:\/\/www.academiamilitargeneralgilcolorado.edu.co\/home\/admisiones\/","title":{"rendered":"Requisitos Admisiones"},"content":{"rendered":"\n<h4 class=\"wp-block-heading has-text-align-center\" id=\"requisitos-para-ingresar-a-la-academia-militar-general-gil-colorado\">Requisitos para ingresar a la academia militar general gil colorado<\/h4>\n\n\n\n<div style=\"height:30px\" aria-hidden=\"true\" class=\"wp-block-spacer\"><\/div>\n\n\n\n<h4 class=\"wp-block-heading\" id=\"admision\">Admisi\u00f3n<\/h4>\n\n\n\n<p class=\"wp-block-paragraph\">El aspirante a ingresar a cualquier grado de la Academia Militar debe inscribirse de acuerdo con el cronograma y cumplir con los siguientes requisitos:\u00a0\u00a0<\/p>\n\n\n<style>#sp-ea-1072 .spcollapsing { height: 0; overflow: hidden; transition-property: height;transition-duration: 500ms;}#sp-ea-1072.sp-easy-accordion>.sp-ea-single {margin-bottom: 10px; border: 1px solid #950000; }#sp-ea-1072.sp-easy-accordion>.sp-ea-single>.ea-header a {color: #444;}#sp-ea-1072.sp-easy-accordion>.sp-ea-single>.sp-collapse>.ea-body {background: #fff; color: #444;}#sp-ea-1072.sp-easy-accordion>.sp-ea-single {background: #eee;}#sp-ea-1072.sp-easy-accordion>.sp-ea-single>.ea-header a .ea-expand-icon { float: right; color: #950000;font-size: 16px;}#sp-ea-1072.sp-easy-accordion>.sp-ea-single>.ea-header a .ea-expand-icon {margin-right: 0;}.sp-easy-accordion .sp-ea-single .ea-header {\r\n    margin-bottom: 0;\r\n    margin: 0;\r\n    padding-bottom: 0;\r\n    text-transform: inherit;\r\n    text-align:left;\r\n}\r\n.sp-easy-accordion .sp-ea-single .ea-header::after{\r\ndisplay:none;}\r\n.sp-ea-one.sp-easy-accordion .sp-ea-single .ea-header a {\r\n    padding: 8px 15px !important;\r\n}<\/style><div id=\"sp_easy_accordion-1788150830\"><div id=\"sp-ea-1072\" class=\"sp-ea-one sp-easy-accordion\" data-ea-active=\"ea-click\" data-ea-mode=\"vertical\" data-preloader=\"\" data-scroll-active-item=\"\" data-offset-to-scroll=\"0\"><div class=\"ea-card sp-ea-single\"><h3 class=\"ea-header\"><a class=\"collapsed\" id=\"ea-header-10720\" role=\"button\" data-sptoggle=\"spcollapse\" data-sptarget=\"#collapse10720\" aria-controls=\"collapse10720\" href=\"#\" aria-expanded=\"false\" tabindex=\"0\"><i aria-hidden=\"true\" role=\"presentation\" class=\"ea-expand-icon eap-icon-ea-expand-plus\"><\/i> Ver Requisitos<\/a><\/h3><div class=\"sp-collapse spcollapse spcollapse\" id=\"collapse10720\" data-parent=\"#sp-ea-1072\" role=\"region\" aria-labelledby=\"ea-header-10720\"> <div class=\"ea-body\"><p class=\"p1\"><i class=\"fas fa-angle-right text-secondary\"><\/i> Cancelar la preinscripci\u00f3n<\/p><p class=\"p1\">Asistir a entrevista de psicolog\u00eda y fonoaudiolog\u00eda, acompa\u00f1ado de los padres de familia y\/o acudientes, presentando los siguientes documentos:<\/p><p class=\"p1\"><i class=\"fas fa-angle-right text-secondary\"><\/i> Formulario de inscripci\u00f3n diligenciado.<\/p><p class=\"p1\"><i class=\"fas fa-angle-right text-secondary\"><\/i> \u00daltimo bolet\u00edn acad\u00e9mico.<\/p><p class=\"p1\"><span class=\"s1\"><b>*Las entrevistas se iniciar\u00e1n a partir del 01 de septiembre del 2022.<\/b><\/span><\/p><\/div><\/div><\/div><\/div><\/div>\n\n\n\n<div style=\"height:30px\" aria-hidden=\"true\" class=\"wp-block-spacer\"><\/div>\n\n\n\n<p class=\"wp-block-paragraph\"><strong>Sin los documentos anteriores no se realizar\u00e1n las entrevistas por parte de los profesionales de apoyo<\/strong><\/p>\n\n\n\n<ul class=\"wp-block-list\">\n<li>Presentar y aprobar el examen de admisi\u00f3n a la Academia militar.&nbsp;<\/li>\n\n\n\n<li>Entrevista con el rector de la Academia Militar, acompa\u00f1ado de los padres de familia. Esta entrevista define la continuidad del proceso de ingreso.&nbsp;<\/li>\n\n\n\n<li>La Academia agradece la confianza para ingresar los ni\u00f1os (as) a la Academia Militar, pero se requiere de su seguridad para continuar con el proceso, ya que se tiene como norma la prohibici\u00f3n de devolver dinero una vez realizada la matricula.&nbsp;<\/li>\n\n\n\n<li>Mediante La cancelaci\u00f3n de los derechos de matr\u00edcula y otros costos, se manifiesta expresamente el conocimiento y la aceptaci\u00f3n de las normas establecidas en la Academia Militar referenciadas en el contrato de prestaci\u00f3n de servicio y en el Manual de convivencia; situaci\u00f3n que permite la relaci\u00f3n del estudiante con la instituci\u00f3n. Por lo anterior despu\u00e9s de cancelados dichos rubros la Academia no reintegrara dineros por ning\u00fan motivo.&nbsp;<\/li>\n<\/ul>\n\n\n\n<p class=\"wp-block-paragraph\">Si el estudiante ha cumplido con los criterios anteriores, se procede a efectuar la matr\u00edcula con la presencia de los padres o acudientes y el estudiante, en los d\u00edas se\u00f1alados para tal efecto, anexando los siguientes documentos: (tambi\u00e9n aplica para estudiantes antiguos)&nbsp;<\/p>\n\n\n\n<div style=\"height:30px\" aria-hidden=\"true\" class=\"wp-block-spacer\"><\/div>\n\n\n\n<h4 class=\"wp-block-heading\" id=\"matricula\">Matr\u00edcula<\/h4>\n\n\n<style>#sp-ea-1073 .spcollapsing { height: 0; overflow: hidden; transition-property: height;transition-duration: 500ms;}#sp-ea-1073.sp-easy-accordion>.sp-ea-single {margin-bottom: 10px; border: 1px solid #950000; }#sp-ea-1073.sp-easy-accordion>.sp-ea-single>.ea-header a {color: #444;}#sp-ea-1073.sp-easy-accordion>.sp-ea-single>.sp-collapse>.ea-body {background: #fff; color: #444;}#sp-ea-1073.sp-easy-accordion>.sp-ea-single {background: #eee;}#sp-ea-1073.sp-easy-accordion>.sp-ea-single>.ea-header a .ea-expand-icon { float: right; color: #950000;font-size: 16px;}#sp-ea-1073.sp-easy-accordion>.sp-ea-single>.ea-header a .ea-expand-icon {margin-right: 0;}.sp-easy-accordion .sp-ea-single .ea-header {\r\n    margin-bottom: 0;\r\n    margin: 0;\r\n    padding-bottom: 0;\r\n    text-transform: inherit;\r\n    text-align:left;\r\n}\r\n.sp-easy-accordion .sp-ea-single .ea-header::after{\r\ndisplay:none;}\r\n.sp-ea-one.sp-easy-accordion .sp-ea-single .ea-header a {\r\n    padding: 8px 15px !important;\r\n}<\/style><div id=\"sp_easy_accordion-1788150830\"><div id=\"sp-ea-1073\" class=\"sp-ea-one sp-easy-accordion\" data-ea-active=\"ea-click\" data-ea-mode=\"vertical\" data-preloader=\"\" data-scroll-active-item=\"\" data-offset-to-scroll=\"0\"><div class=\"ea-card sp-ea-single\"><h3 class=\"ea-header\"><a class=\"collapsed\" id=\"ea-header-10730\" role=\"button\" data-sptoggle=\"spcollapse\" data-sptarget=\"#collapse10730\" aria-controls=\"collapse10730\" href=\"#\" aria-expanded=\"false\" tabindex=\"0\"><i aria-hidden=\"true\" role=\"presentation\" class=\"ea-expand-icon eap-icon-ea-expand-plus\"><\/i> Ver Documentos<\/a><\/h3><div class=\"sp-collapse spcollapse spcollapse\" id=\"collapse10730\" data-parent=\"#sp-ea-1073\" role=\"region\" aria-labelledby=\"ea-header-10730\"> <div class=\"ea-body\"><p class=\"p1\"><i class=\"fas fa-angle-right text-secondary\"><\/i> Aceptaci\u00f3n del pacto de convivencia y el contrato de prestaci\u00f3n de servicios educativos.<\/p><p class=\"p1\"><i class=\"fas fa-angle-right text-secondary\"><\/i> Recibo de cancelaci\u00f3n del costo de matr\u00edcula.<\/p><p class=\"p1\"><i class=\"fas fa-angle-right text-secondary\"><\/i> Si viene de colegio privado, paz y salvo<\/p><p class=\"p1\"><i class=\"fas fa-angle-right text-secondary\"><\/i> Certificados de estudio de a\u00f1os anteriores (bachillerato desde grado quinto)<\/p><p class=\"p1\"><i class=\"fas fa-angle-right text-secondary\"><\/i> Copia de la tarjeta de identidad (a partir de los 7 a\u00f1os) o registro civil.<\/p><p class=\"p1\"><i class=\"fas fa-angle-right text-secondary\"><\/i> Copia documento de identidad de ambos padres o acudientes al 150%<\/p><p class=\"p1\"><i class=\"fas fa-angle-right text-secondary\"><\/i> Certificado M\u00e9dico expedido por la Eps<\/p><p class=\"p1\"><i class=\"fas fa-angle-right text-secondary\"><\/i> Constancia de afiliaci\u00f3n a Eps<\/p><p class=\"p1\"><i class=\"fas fa-angle-right text-secondary\"><\/i> Tres fotos recientes de 3 x 4 fondo azul<\/p><p class=\"p1\"><i class=\"fas fa-angle-right text-secondary\"><\/i> Fotocopia certificaci\u00f3n de vacunas para los grados Preescolar, B\u00e1sica primaria.<\/p><p class=\"p1\"><i class=\"fas fa-angle-right text-secondary\"><\/i> Constancia de retiro del SIMAT (colegio de procedencia)<\/p><p class=\"p1\"><i class=\"fas fa-angle-right text-secondary\"><\/i> Informe acad\u00e9mico del \u00faltimo periodo acad\u00e9mico a\u00f1o (personal antiguo)<\/p><p class=\"p1\"><i class=\"fas fa-angle-right text-secondary\"><\/i> Autorizaci\u00f3n de Matr\u00edcula a la Instrucci\u00f3n Militar (Fase Militar). Grados 9\u00ba-10\u00ba-11\u00ba.<\/p><\/div><\/div><\/div><\/div><\/div>\n\n\n\n<div style=\"height:30px\" aria-hidden=\"true\" class=\"wp-block-spacer\"><\/div>\n\n\n\n<p class=\"wp-block-paragraph\">Se\u00f1or padre de familia y\/o acudiente, es requisito indispensable los soportes anteriormente descritos, para la oportuna y \u00e1gil atenci\u00f3n en la realizaci\u00f3n de la matr\u00edcula, la no presentaci\u00f3n de los mismos limita el desarrollo del proceso.&nbsp;<\/p>\n\n\n\n<p class=\"wp-block-paragraph\">Tanto para los padres de familia y\/o acudientes de estudiantes nuevos como para los antiguos, conjuntamente con la suscripci\u00f3n del Acta de Matricula, deber\u00e1n firmar el contrato de prestaci\u00f3n del Servicio Educativo, diligenciar los formatos de datos generales y el pagar\u00e9. Este \u00faltimo deber\u00e1 ser autenticado por el deudor (padres y\/o acudiente) y el deudor solidario en caso de que sea requerido.&nbsp;<\/p>\n\n\n\n<p class=\"wp-block-paragraph\">As\u00ed mismo, adjuntando fotocopia de las c\u00e9dulas de los mismos; estos hacen parte integral de este pacto de Convivencia. Para la Academia Militar es indispensable que cada padre de familia y\/o acudiente cumpla con las fechas para matr\u00edculas establecidas con la debida anticipaci\u00f3n. No obstante, la Academia Militar ofrece la oportunidad de realizar matr\u00edculas extempor\u00e1neas previa solicitud por escrito de los padres de familia.&nbsp;<\/p>\n","protected":false},"excerpt":{"rendered":"<p>Requisitos para ingresar a la academia militar general gil colorado Admisi\u00f3n El aspirante a ingresar a cualquier grado de la Academia Militar debe inscribirse de acuerdo con el cronograma y cumplir con los siguientes requisitos:\u00a0\u00a0 Sin los documentos anteriores no se realizar\u00e1n las entrevistas por parte de los profesionales de apoyo Si el estudiante ha [&hellip;]<\/p>\n","protected":false},"author":4,"featured_media":1065,"parent":0,"menu_order":0,"comment_status":"closed","ping_status":"closed","template":"fullwidth.php","meta":{"footnotes":""},"class_list":["post-71","page","type-page","status-publish","has-post-thumbnail","hentry"],"aioseo_notices":[],"aioseo_head":"\n\t\t<!-- All in One SEO 4.9.10 - aioseo.com -->\n\t<meta name=\"description\" content=\"El aspirante a ingresar a cualquier grado de la Academia Militar debe inscribirse de acuerdo con el cronograma y cumplir con los siguientes requisitos\" \/>\n\t<meta name=\"robots\" content=\"max-image-preview:large\" \/>\n\t<link rel=\"canonical\" href=\"https:\/\/www.academiamilitargeneralgilcolorado.edu.co\/home\/admisiones\/\" \/>\n\t<meta name=\"generator\" content=\"All in One SEO (AIOSEO) 4.9.10\" \/>\n\t\t<meta property=\"og:locale\" content=\"es_ES\" \/>\n\t\t<meta property=\"og:site_name\" content=\"Academia Militar General Gil Colorado - Instituci\u00f3n educativa con educaci\u00f3n preescolar, b\u00e1sica primaria, b\u00e1sica secundaria y educaci\u00f3n media con \u00e9nfasis en orientaci\u00f3n militar.\" \/>\n\t\t<meta property=\"og:type\" content=\"article\" \/>\n\t\t<meta property=\"og:title\" content=\"Requisitos Admisiones\" \/>\n\t\t<meta property=\"og:description\" content=\"El aspirante a ingresar a cualquier grado de la Academia Militar debe inscribirse de acuerdo con el cronograma y cumplir con los siguientes requisitos\" \/>\n\t\t<meta property=\"og:url\" content=\"https:\/\/www.academiamilitargeneralgilcolorado.edu.co\/home\/admisiones\/\" \/>\n\t\t<meta property=\"og:image\" content=\"https:\/\/www.academiamilitargeneralgilcolorado.edu.co\/home\/wp-content\/uploads\/2020\/08\/escudo.png\" \/>\n\t\t<meta property=\"og:image:secure_url\" content=\"https:\/\/www.academiamilitargeneralgilcolorado.edu.co\/home\/wp-content\/uploads\/2020\/08\/escudo.png\" \/>\n\t\t<meta property=\"og:image:width\" content=\"115\" \/>\n\t\t<meta property=\"og:image:height\" content=\"115\" \/>\n\t\t<meta property=\"article:published_time\" content=\"2020-08-26T22:44:57+00:00\" \/>\n\t\t<meta property=\"article:modified_time\" content=\"2023-07-10T16:18:11+00:00\" \/>\n\t\t<meta property=\"article:publisher\" content=\"https:\/\/www.facebook.com\/watch\/Acamilgilcolorado\/\" \/>\n\t\t<meta name=\"twitter:card\" content=\"summary_large_image\" \/>\n\t\t<meta name=\"twitter:title\" content=\"Requisitos Admisiones\" \/>\n\t\t<meta name=\"twitter:description\" content=\"El aspirante a ingresar a cualquier grado de la Academia Militar debe inscribirse de acuerdo con el cronograma y cumplir con los siguientes requisitos\" \/>\n\t\t<meta name=\"twitter:image\" content=\"https:\/\/www.academiamilitargeneralgilcolorado.edu.co\/home\/wp-content\/uploads\/2020\/08\/escudo.png\" \/>\n\t\t<script type=\"application\/ld+json\" class=\"aioseo-schema\">\n\t\t\t{\"@context\":\"https:\\\/\\\/schema.org\",\"@graph\":[{\"@type\":\"BreadcrumbList\",\"@id\":\"https:\\\/\\\/www.academiamilitargeneralgilcolorado.edu.co\\\/home\\\/admisiones\\\/#breadcrumblist\",\"itemListElement\":[{\"@type\":\"ListItem\",\"@id\":\"https:\\\/\\\/www.academiamilitargeneralgilcolorado.edu.co\\\/home#listItem\",\"position\":2,\"name\":\"Inicio\",\"item\":\"https:\\\/\\\/www.academiamilitargeneralgilcolorado.edu.co\\\/home\",\"nextItem\":{\"@type\":\"ListItem\",\"@id\":\"https:\\\/\\\/www.academiamilitargeneralgilcolorado.edu.co\\\/home\\\/admisiones\\\/#listItem\",\"name\":\"Requisitos Admisiones\"},\"previousItem\":{\"@type\":\"ListItem\",\"@id\":\"#listItem\",\"name\":\"Usted esta Aqu\\u00cd\"}},{\"@type\":\"ListItem\",\"@id\":\"https:\\\/\\\/www.academiamilitargeneralgilcolorado.edu.co\\\/home\\\/admisiones\\\/#listItem\",\"position\":3,\"name\":\"Requisitos Admisiones\",\"previousItem\":{\"@type\":\"ListItem\",\"@id\":\"https:\\\/\\\/www.academiamilitargeneralgilcolorado.edu.co\\\/home#listItem\",\"name\":\"Inicio\"}}]},{\"@type\":\"Organization\",\"@id\":\"https:\\\/\\\/www.academiamilitargeneralgilcolorado.edu.co\\\/home\\\/#organization\",\"name\":\"Academia Militar General Gil Colorado\",\"description\":\"Instituci\\u00f3n educativa con educaci\\u00f3n preescolar, b\\u00e1sica primaria, b\\u00e1sica secundaria y educaci\\u00f3n media con \\u00e9nfasis en orientaci\\u00f3n militar.\",\"url\":\"https:\\\/\\\/www.academiamilitargeneralgilcolorado.edu.co\\\/home\\\/\",\"telephone\":\"+573166925198\",\"logo\":{\"@type\":\"ImageObject\",\"url\":\"https:\\\/\\\/www.academiamilitargeneralgilcolorado.edu.co\\\/home\\\/wp-content\\\/uploads\\\/2020\\\/08\\\/escudo.png\",\"@id\":\"https:\\\/\\\/www.academiamilitargeneralgilcolorado.edu.co\\\/home\\\/admisiones\\\/#organizationLogo\",\"width\":115,\"height\":115,\"caption\":\"Escudo Academia General Gil Colorado\"},\"image\":{\"@id\":\"https:\\\/\\\/www.academiamilitargeneralgilcolorado.edu.co\\\/home\\\/admisiones\\\/#organizationLogo\"},\"sameAs\":[\"https:\\\/\\\/www.facebook.com\\\/watch\\\/Acamilgilcolorado\\\/\",\"https:\\\/\\\/www.instagram.com\\\/academia_militar_tulua\\\/\"]},{\"@type\":\"WebPage\",\"@id\":\"https:\\\/\\\/www.academiamilitargeneralgilcolorado.edu.co\\\/home\\\/admisiones\\\/#webpage\",\"url\":\"https:\\\/\\\/www.academiamilitargeneralgilcolorado.edu.co\\\/home\\\/admisiones\\\/\",\"name\":\"Requisitos Admisiones\",\"description\":\"El aspirante a ingresar a cualquier grado de la Academia Militar debe inscribirse de acuerdo con el cronograma y cumplir con los siguientes requisitos\",\"inLanguage\":\"es-ES\",\"isPartOf\":{\"@id\":\"https:\\\/\\\/www.academiamilitargeneralgilcolorado.edu.co\\\/home\\\/#website\"},\"breadcrumb\":{\"@id\":\"https:\\\/\\\/www.academiamilitargeneralgilcolorado.edu.co\\\/home\\\/admisiones\\\/#breadcrumblist\"},\"image\":{\"@type\":\"ImageObject\",\"url\":\"https:\\\/\\\/www.academiamilitargeneralgilcolorado.edu.co\\\/home\\\/wp-content\\\/uploads\\\/2020\\\/09\\\/admisiones-2021.jpg\",\"@id\":\"https:\\\/\\\/www.academiamilitargeneralgilcolorado.edu.co\\\/home\\\/admisiones\\\/#mainImage\",\"width\":1140,\"height\":457},\"primaryImageOfPage\":{\"@id\":\"https:\\\/\\\/www.academiamilitargeneralgilcolorado.edu.co\\\/home\\\/admisiones\\\/#mainImage\"},\"datePublished\":\"2020-08-26T17:44:57-05:00\",\"dateModified\":\"2023-07-10T11:18:11-05:00\"},{\"@type\":\"WebSite\",\"@id\":\"https:\\\/\\\/www.academiamilitargeneralgilcolorado.edu.co\\\/home\\\/#website\",\"url\":\"https:\\\/\\\/www.academiamilitargeneralgilcolorado.edu.co\\\/home\\\/\",\"name\":\"Academia Militar General Gil Colorado\",\"description\":\"Instituci\\u00f3n educativa con educaci\\u00f3n preescolar, b\\u00e1sica primaria, b\\u00e1sica secundaria y educaci\\u00f3n media con \\u00e9nfasis en orientaci\\u00f3n militar.\",\"inLanguage\":\"es-ES\",\"publisher\":{\"@id\":\"https:\\\/\\\/www.academiamilitargeneralgilcolorado.edu.co\\\/home\\\/#organization\"}}]}\n\t\t<\/script>\n\t\t<!-- All in One SEO -->\n\n","aioseo_head_json":{"title":"Requisitos Admisiones","description":"El aspirante a ingresar a cualquier grado de la Academia Militar debe inscribirse de acuerdo con el cronograma y cumplir con los siguientes requisitos","canonical_url":"https:\/\/www.academiamilitargeneralgilcolorado.edu.co\/home\/admisiones\/","robots":"max-image-preview:large","keywords":"","webmasterTools":{"miscellaneous":""},"schema":{"@context":"https:\/\/schema.org","@graph":[{"@type":"BreadcrumbList","@id":"https:\/\/www.academiamilitargeneralgilcolorado.edu.co\/home\/admisiones\/#breadcrumblist","itemListElement":[{"@type":"ListItem","@id":"https:\/\/www.academiamilitargeneralgilcolorado.edu.co\/home#listItem","position":2,"name":"Inicio","item":"https:\/\/www.academiamilitargeneralgilcolorado.edu.co\/home","nextItem":{"@type":"ListItem","@id":"https:\/\/www.academiamilitargeneralgilcolorado.edu.co\/home\/admisiones\/#listItem","name":"Requisitos Admisiones"},"previousItem":{"@type":"ListItem","@id":"#listItem","name":"Usted esta Aqu\u00cd"}},{"@type":"ListItem","@id":"https:\/\/www.academiamilitargeneralgilcolorado.edu.co\/home\/admisiones\/#listItem","position":3,"name":"Requisitos Admisiones","previousItem":{"@type":"ListItem","@id":"https:\/\/www.academiamilitargeneralgilcolorado.edu.co\/home#listItem","name":"Inicio"}}]},{"@type":"Organization","@id":"https:\/\/www.academiamilitargeneralgilcolorado.edu.co\/home\/#organization","name":"Academia Militar General Gil Colorado","description":"Instituci\u00f3n educativa con educaci\u00f3n preescolar, b\u00e1sica primaria, b\u00e1sica secundaria y educaci\u00f3n media con \u00e9nfasis en orientaci\u00f3n militar.","url":"https:\/\/www.academiamilitargeneralgilcolorado.edu.co\/home\/","telephone":"+573166925198","logo":{"@type":"ImageObject","url":"https:\/\/www.academiamilitargeneralgilcolorado.edu.co\/home\/wp-content\/uploads\/2020\/08\/escudo.png","@id":"https:\/\/www.academiamilitargeneralgilcolorado.edu.co\/home\/admisiones\/#organizationLogo","width":115,"height":115,"caption":"Escudo Academia General Gil Colorado"},"image":{"@id":"https:\/\/www.academiamilitargeneralgilcolorado.edu.co\/home\/admisiones\/#organizationLogo"},"sameAs":["https:\/\/www.facebook.com\/watch\/Acamilgilcolorado\/","https:\/\/www.instagram.com\/academia_militar_tulua\/"]},{"@type":"WebPage","@id":"https:\/\/www.academiamilitargeneralgilcolorado.edu.co\/home\/admisiones\/#webpage","url":"https:\/\/www.academiamilitargeneralgilcolorado.edu.co\/home\/admisiones\/","name":"Requisitos Admisiones","description":"El aspirante a ingresar a cualquier grado de la Academia Militar debe inscribirse de acuerdo con el cronograma y cumplir con los siguientes requisitos","inLanguage":"es-ES","isPartOf":{"@id":"https:\/\/www.academiamilitargeneralgilcolorado.edu.co\/home\/#website"},"breadcrumb":{"@id":"https:\/\/www.academiamilitargeneralgilcolorado.edu.co\/home\/admisiones\/#breadcrumblist"},"image":{"@type":"ImageObject","url":"https:\/\/www.academiamilitargeneralgilcolorado.edu.co\/home\/wp-content\/uploads\/2020\/09\/admisiones-2021.jpg","@id":"https:\/\/www.academiamilitargeneralgilcolorado.edu.co\/home\/admisiones\/#mainImage","width":1140,"height":457},"primaryImageOfPage":{"@id":"https:\/\/www.academiamilitargeneralgilcolorado.edu.co\/home\/admisiones\/#mainImage"},"datePublished":"2020-08-26T17:44:57-05:00","dateModified":"2023-07-10T11:18:11-05:00"},{"@type":"WebSite","@id":"https:\/\/www.academiamilitargeneralgilcolorado.edu.co\/home\/#website","url":"https:\/\/www.academiamilitargeneralgilcolorado.edu.co\/home\/","name":"Academia Militar General Gil Colorado","description":"Instituci\u00f3n educativa con educaci\u00f3n preescolar, b\u00e1sica primaria, b\u00e1sica secundaria y educaci\u00f3n media con \u00e9nfasis en orientaci\u00f3n militar.","inLanguage":"es-ES","publisher":{"@id":"https:\/\/www.academiamilitargeneralgilcolorado.edu.co\/home\/#organization"}}]},"og:locale":"es_ES","og:site_name":"Academia Militar General Gil Colorado - Instituci\u00f3n educativa con educaci\u00f3n preescolar, b\u00e1sica primaria, b\u00e1sica secundaria y educaci\u00f3n media con \u00e9nfasis en orientaci\u00f3n militar.","og:type":"article","og:title":"Requisitos Admisiones","og:description":"El aspirante a ingresar a cualquier grado de la Academia Militar debe inscribirse de acuerdo con el cronograma y cumplir con los siguientes requisitos","og:url":"https:\/\/www.academiamilitargeneralgilcolorado.edu.co\/home\/admisiones\/","og:image":"https:\/\/www.academiamilitargeneralgilcolorado.edu.co\/home\/wp-content\/uploads\/2020\/08\/escudo.png","og:image:secure_url":"https:\/\/www.academiamilitargeneralgilcolorado.edu.co\/home\/wp-content\/uploads\/2020\/08\/escudo.png","og:image:width":115,"og:image:height":115,"article:published_time":"2020-08-26T22:44:57+00:00","article:modified_time":"2023-07-10T16:18:11+00:00","article:publisher":"https:\/\/www.facebook.com\/watch\/Acamilgilcolorado\/","twitter:card":"summary_large_image","twitter:title":"Requisitos Admisiones","twitter:description":"El aspirante a ingresar a cualquier grado de la Academia Militar debe inscribirse de acuerdo con el cronograma y cumplir con los siguientes requisitos","twitter:image":"https:\/\/www.academiamilitargeneralgilcolorado.edu.co\/home\/wp-content\/uploads\/2020\/08\/escudo.png"},"aioseo_meta_data":{"post_id":"71","title":"#post_title","description":"El aspirante a ingresar a cualquier grado de la Academia Militar debe inscribirse de acuerdo con el cronograma y cumplir con los siguientes requisitos","keywords":[],"keyphrases":{"focus":{"keyphrase":"","score":0,"analysis":{"keyphraseInTitle":{"score":0,"maxScore":9,"error":1}}},"additional":[]},"primary_term":null,"canonical_url":null,"og_title":null,"og_description":null,"og_object_type":"default","og_image_type":"default","og_image_url":null,"og_image_width":null,"og_image_height":null,"og_image_custom_url":null,"og_image_custom_fields":null,"og_video":"","og_custom_url":null,"og_article_section":null,"og_article_tags":[],"twitter_use_og":false,"twitter_card":"default","twitter_image_type":"default","twitter_image_url":null,"twitter_image_custom_url":null,"twitter_image_custom_fields":null,"twitter_title":null,"twitter_description":null,"schema":{"blockGraphs":[],"customGraphs":[],"default":{"data":{"Article":[],"Course":[],"Dataset":[],"FAQPage":[],"Movie":[],"Person":[],"Product":[],"ProductReview":[],"Car":[],"Recipe":[],"Service":[],"SoftwareApplication":[],"WebPage":[]},"graphName":"WebPage","isEnabled":true},"graphs":[]},"schema_type":"default","schema_type_options":null,"pillar_content":false,"robots_default":true,"robots_noindex":false,"robots_noarchive":false,"robots_nosnippet":false,"robots_nofollow":false,"robots_noimageindex":false,"robots_noodp":false,"robots_notranslate":false,"robots_max_snippet":"-1","robots_max_videopreview":"-1","robots_max_imagepreview":"large","priority":null,"frequency":"default","local_seo":null,"breadcrumb_settings":null,"limit_modified_date":false,"ai":null,"created":"2023-07-06 04:50:02","updated":"2025-06-12 11:46:04","seo_analyzer_scan_date":null},"aioseo_breadcrumb":"<div class=\"aioseo-breadcrumbs\"><span class=\"aioseo-breadcrumb\">\n\t\t\tUsted esta Aqu\u00cd\n\t\t<\/span><span class=\"aioseo-breadcrumb-separator\">\u00bb<\/span><span class=\"aioseo-breadcrumb\">\n\t\t\t<a href=\"https:\/\/www.academiamilitargeneralgilcolorado.edu.co\/home\" title=\"Inicio\">Inicio<\/a>\n\t\t<\/span><span class=\"aioseo-breadcrumb-separator\">\u00bb<\/span><span class=\"aioseo-breadcrumb\">\n\t\t\tRequisitos Admisiones\n\t\t<\/span><\/div>","aioseo_breadcrumb_json":[{"label":"Usted esta Aqu\u00cd","link":""},{"label":"Inicio","link":"https:\/\/www.academiamilitargeneralgilcolorado.edu.co\/home"},{"label":"Requisitos Admisiones","link":"https:\/\/www.academiamilitargeneralgilcolorado.edu.co\/home\/admisiones\/"}],"_links":{"self":[{"href":"https:\/\/www.academiamilitargeneralgilcolorado.edu.co\/home\/wp-json\/wp\/v2\/pages\/71","targetHints":{"allow":["GET"]}}],"collection":[{"href":"https:\/\/www.academiamilitargeneralgilcolorado.edu.co\/home\/wp-json\/wp\/v2\/pages"}],"about":[{"href":"https:\/\/www.academiamilitargeneralgilcolorado.edu.co\/home\/wp-json\/wp\/v2\/types\/page"}],"author":[{"embeddable":true,"href":"https:\/\/www.academiamilitargeneralgilcolorado.edu.co\/home\/wp-json\/wp\/v2\/users\/4"}],"replies":[{"embeddable":true,"href":"https:\/\/www.academiamilitargeneralgilcolorado.edu.co\/home\/wp-json\/wp\/v2\/comments?post=71"}],"version-history":[{"count":17,"href":"https:\/\/www.academiamilitargeneralgilcolorado.edu.co\/home\/wp-json\/wp\/v2\/pages\/71\/revisions"}],"predecessor-version":[{"id":1913,"href":"https:\/\/www.academiamilitargeneralgilcolorado.edu.co\/home\/wp-json\/wp\/v2\/pages\/71\/revisions\/1913"}],"wp:featuredmedia":[{"embeddable":true,"href":"https:\/\/www.academiamilitargeneralgilcolorado.edu.co\/home\/wp-json\/wp\/v2\/media\/1065"}],"wp:attachment":[{"href":"https:\/\/www.academiamilitargeneralgilcolorado.edu.co\/home\/wp-json\/wp\/v2\/media?parent=71"}],"curies":[{"name":"wp","href":"https:\/\/api.w.org\/{rel}","templated":true}]}}